{"id":2713,"date":"2025-07-20T01:00:10","date_gmt":"2025-07-19T23:00:10","guid":{"rendered":"https:\/\/doubletakedecor.com\/privacy-policy\/"},"modified":"2025-07-20T13:53:46","modified_gmt":"2025-07-20T11:53:46","slug":"adatvedelmi-tajekoztato","status":"publish","type":"page","link":"https:\/\/doubletakedecor.com\/hu\/adatvedelmi-tajekoztato\/","title":{"rendered":"Adatv\u00e9delmi t\u00e1j\u00e9koztat\u00f3"},"content":{"rendered":"<h2 id=\"privacy_policy\">Adatv\u00e9delmi t\u00e1j\u00e9koztat\u00f3<\/h2>\n<p>\u00dcdv\u00f6zl\u00fcnk a https:\/\/doubletakedecor.com weboldalon (a tov\u00e1bbiakban: \u201eWeboldal\u201d). Meg\u00e9rtj\u00fck, hogy a mag\u00e1nszf\u00e9ra v\u00e9delme kiemelten fontos a Weboldalunk l\u00e1togat\u00f3i sz\u00e1m\u00e1ra, k\u00fcl\u00f6n\u00f6sen \u00fczleti tev\u00e9kenys\u00e9g sor\u00e1n. Jelen nyilatkozat azokat az adatv\u00e9delmi ir\u00e1nyelveket szab\u00e1lyozza, amelyek a Weboldalt megtekint\u0151 (tov\u00e1bbiakban: \u201eL\u00e1togat\u00f3k\u201d), illetve a Weboldalon regisztr\u00e1l\u00f3 \u00e9s a DoubleTake D\u00e9cor \u00e1ltal k\u00edn\u00e1lt k\u00fcl\u00f6nf\u00e9le szolg\u00e1ltat\u00e1sokat (egy\u00fcttesen: \u201eSzolg\u00e1ltat\u00e1sok\u201d) ig\u00e9nybe vev\u0151 (tov\u00e1bbiakban: \u201eRegisztr\u00e1lt \u00dcgyfelek\u201d) felhaszn\u00e1l\u00f3kra vonatkoznak.<\/p>\n<p><span style=\"font-weight: bold;\">\u201eSzem\u00e9lyes azonos\u00edt\u00e1sra alkalmas adatok\u201d<\/span><\/p>\n<p>A \u201eSzem\u00e9lyes azonos\u00edt\u00e1sra alkalmas adatok\u201d minden olyan inform\u00e1ci\u00f3ra vonatkoznak, amely alapj\u00e1n az \u00e9rintett szem\u00e9ly azonos\u00edthat\u00f3, kapcsolatba vonhat\u00f3 vagy megtal\u00e1lhat\u00f3, bele\u00e9rtve, de nem kiz\u00e1r\u00f3lagosan a nev\u00e9t, c\u00edm\u00e9t, telefonsz\u00e1m\u00e1t, faxsz\u00e1m\u00e1t, e-mail c\u00edm\u00e9t, p\u00e9nz\u00fcgyi adatait, t\u00e1rsadalombiztos\u00edt\u00e1si sz\u00e1m\u00e1t \u00e9s bankk\u00e1rtya adatait. Nem tartozik ide az anonimiz\u00e1lt adatgy\u0171jt\u00e9s (amikor a felhaszn\u00e1l\u00f3 szem\u00e9lye nem azonos\u00edtott), vagy a szem\u00e9lyazonos\u00edt\u00e1shoz nem kapcsolhat\u00f3 demogr\u00e1fiai adat.<\/p>\n<p><span style=\"font-weight: bold;\">Milyen szem\u00e9lyes azonos\u00edt\u00e1sra alkalmas adatokat gy\u0171jt\u00fcnk?<\/span><\/p>\n<p>Minden L\u00e1togat\u00f3nkr\u00f3l alapvet\u0151 felhaszn\u00e1l\u00f3i profil inform\u00e1ci\u00f3kat gy\u0171jthet\u00fcnk. Regisztr\u00e1lt \u00dcgyfeleinkt\u0151l ezen fel\u00fcl a k\u00f6vetkez\u0151 adatokat k\u00e9rj\u00fck: n\u00e9v, c\u00edm, telefonsz\u00e1m, e-mail c\u00edm, az \u00fczleti tev\u00e9kenys\u00e9g jellege \u00e9s nagys\u00e1ga, valamint a Regisztr\u00e1lt \u00dcgyf\u00e9l \u00e1ltal v\u00e1s\u00e1rolni vagy eladni k\u00edv\u00e1nt rekl\u00e1mk\u00e9szlet jellege \u00e9s nagys\u00e1ga.<\/p>\n<p><span style=\"font-weight: bold;\">Milyen szervezetek gy\u0171jtik ezeket az inform\u00e1ci\u00f3kat?<\/span><\/p>\n<p>A k\u00f6zvetlen adatgy\u0171jt\u00e9s\u00fcnk\u00f6n fel\u00fcl, harmadik f\u00e9lk\u00e9nt r\u00e9sztvev\u0151 szolg\u00e1ltat\u00f3ink (p\u00e9ld\u00e1ul bankk\u00e1rtya-t\u00e1rsas\u00e1gok, elsz\u00e1mol\u00f3h\u00e1zak, bankok), amelyek hitel, biztos\u00edt\u00e1s vagy let\u00e9ti szolg\u00e1ltat\u00e1st ny\u00fajthatnak, szint\u00e9n gy\u0171jthetik ezeket az adatokat L\u00e1togat\u00f3inkt\u00f3l \u00e9s Regisztr\u00e1lt \u00dcgyfeleinkt\u0151l. Nem \u00e1ll m\u00f3dunkban ellen\u0151rizni ezen harmadik felek adatfelhaszn\u00e1l\u00e1si gyakorlatait, de k\u00e9rj\u00fck \u0151ket, hogy t\u00e1j\u00e9koztassanak arr\u00f3l, hogyan kezelik a t\u0151l\u00fcnk kapott szem\u00e9lyes adatokat. Egyes harmadik felek kiz\u00e1r\u00f3lag a tranzakci\u00f3s l\u00e1nc k\u00f6zvet\u00edt\u0151ik\u00e9nt m\u0171k\u00f6dnek, \u00e9s nem t\u00e1rolj\u00e1k, nem \u0151rzik meg, \u00e9s nem haszn\u00e1lj\u00e1k fel a nekik \u00e1tadott adatokat.<\/p>\n<p><span style=\"font-weight: bold;\">Hogyan haszn\u00e1lja a Weboldal a szem\u00e9lyes adatokat?<\/span><\/p>\n<p>A szem\u00e9lyes adatokat a Weboldal testreszab\u00e1s\u00e1ra, megfelel\u0151 szolg\u00e1ltat\u00e1si aj\u00e1nlatok \u00f6ssze\u00e1ll\u00edt\u00e1s\u00e1ra, illetve v\u00e1s\u00e1rl\u00e1si \u00e9s elad\u00e1si k\u00e9r\u00e9sek teljes\u00edt\u00e9s\u00e9re haszn\u00e1ljuk. L\u00e1togat\u00f3inkat \u00e9s Regisztr\u00e1lt \u00dcgyfeleinket e-mailben is megkereshetj\u00fck a Weboldalon el\u00e9rhet\u0151 kutat\u00e1si, v\u00e1s\u00e1rl\u00e1si \u00e9s \u00e9rt\u00e9kes\u00edt\u00e9si lehet\u0151s\u00e9gekkel, vagy a Weboldal t\u00e1rgyk\u00f6r\u00e9vel kapcsolatos inform\u00e1ci\u00f3kkal. Szem\u00e9lyes adataidat arra is felhaszn\u00e1lhatjuk, hogy konkr\u00e9t megkeres\u00e9sekre v\u00e1laszoljunk, vagy a k\u00e9rt inform\u00e1ci\u00f3t eljuttassuk neked.<\/p>\n<p><span style=\"font-weight: bold;\">Kikkel oszthat\u00f3 meg az inform\u00e1ci\u00f3?<\/span><\/p>\n<p>A Regisztr\u00e1lt \u00dcgyfelek szem\u00e9lyes adatai megoszt\u00e1sra ker\u00fclhetnek m\u00e1s Regisztr\u00e1lt \u00dcgyfelekkel, akik potenci\u00e1lis egy\u00fcttm\u0171k\u00f6d\u00e9s lehet\u0151s\u00e9g\u00e9t vizsg\u00e1lj\u00e1k. L\u00e1togat\u00f3inkr\u00f3l \u00f6sszes\u00edtett (aggreg\u00e1lt) adatokat \u2013 bele\u00e9rtve azok demogr\u00e1fiai jellemz\u0151it \u2013 megoszthatjunk partnereinkkel \u00e9s harmadik f\u00e9l szolg\u00e1ltat\u00f3kkal. Lehet\u0151s\u00e9get biztos\u00edtunk tov\u00e1bb\u00e1 arra, hogy jelezd, ha nem szeretn\u00e9l inform\u00e1ci\u00f3t kapni t\u0151l\u00fcnk vagy megb\u00edzottainkt\u00f3l (\u201eopt out\u201d).<\/p>\n<p><span style=\"font-weight: bold;\">Hogyan t\u00e1roljuk a szem\u00e9lyes adatokat?<\/span><\/p>\n<p>A DoubleTake D\u00e9cor \u00e1ltal gy\u0171jt\u00f6tt szem\u00e9lyes adatok biztons\u00e1gosan ker\u00fclnek t\u00e1rol\u00e1sra, \u00e9s harmadik szem\u00e9lyek vagy a DoubleTake D\u00e9cor munkat\u00e1rsai kiz\u00e1r\u00f3lag az itt meghat\u00e1rozott esetekben f\u00e9rhetnek hozz\u00e1juk.<\/p>\n<p><span style=\"font-weight: bold;\">Milyen v\u00e1laszt\u00e1si lehet\u0151s\u00e9gei vannak a L\u00e1togat\u00f3knak az adatgy\u0171jt\u00e9ssel, -felhaszn\u00e1l\u00e1ssal \u00e9s -megoszt\u00e1ssal kapcsolatban?<\/span><\/p>\n<p>A L\u00e1togat\u00f3k \u00e9s a Regisztr\u00e1lt \u00dcgyfelek b\u00e1rmikor leiratkozhatnak arr\u00f3l, hogy nem k\u00edv\u00e1nnak t\u0151l\u00fcnk vagy partnereinkt\u0151l inform\u00e1ci\u00f3t kapni, az e-mailben megadott instrukci\u00f3k szerint, vagy az al\u00e1bbi c\u00edmen t\u00f6rt\u00e9n\u0151 kapcsolatfelv\u00e9tellel: 10900 Research Blvd\u2028Ste 160C,\u2028Austin, TX 78759.<\/p>\n<p><span style=\"font-weight: bold;\">Haszn\u00e1l a Weboldal s\u00fctiket (Cookie-kat)?<\/span><\/p>\n<p>A s\u00fctiket t\u00f6bbek k\u00f6z\u00f6tt arra haszn\u00e1ljuk, hogy L\u00e1togat\u00f3ink be\u00e1ll\u00edt\u00e1sair\u00f3l \u00e9s \u00e1ltaluk kiv\u00e1lasztott szolg\u00e1ltat\u00e1sokr\u00f3l inform\u00e1ci\u00f3t gy\u0171jts\u00fcnk. S\u00fctiket biztons\u00e1gi c\u00e9llal is alkalmazunk Regisztr\u00e1lt \u00dcgyfeleink v\u00e9delme \u00e9rdek\u00e9ben; p\u00e9ld\u00e1ul, ha egy Regisztr\u00e1lt \u00dcgyf\u00e9l 10 percig nem haszn\u00e1lja a Weboldalt, rendszer\u00fcnk automatikusan kijelentkezteti.<\/p>\n<p><span style=\"font-weight: bold;\">Hogyan haszn\u00e1lja a DoubleTake D\u00e9cor a bejelentkez\u00e9si inform\u00e1ci\u00f3kat?<\/span><\/p>\n<p>A DoubleTake D\u00e9cor a bejelentkez\u00e9si inform\u00e1ci\u00f3kat \u2013 ide\u00e9rtve, de nem kiz\u00e1r\u00f3lagosan, IP-c\u00edmet, internetszolg\u00e1ltat\u00f3t, b\u00f6ng\u00e9sz\u0151t\u00edpust \u2013 statisztikai elemz\u00e9sekhez, az oldal adminisztr\u00e1ci\u00f3j\u00e1hoz, a felhaszn\u00e1l\u00f3i mozg\u00e1s \u00e9s interakci\u00f3 nyomon k\u00f6vet\u00e9s\u00e9hez, valamint demogr\u00e1fiai adatelemz\u00e9shez haszn\u00e1lja fel.<\/p>\n<p><span style=\"font-weight: bold;\">Mely partnerek vagy szolg\u00e1ltat\u00f3k f\u00e9rhetnek hozz\u00e1 a L\u00e1togat\u00f3k \u00e9s\/vagy Regisztr\u00e1lt \u00dcgyfelek szem\u00e9lyes adataihoz?<\/span><\/p>\n<p>A DoubleTake D\u00e9cor t\u00f6bb partneri \u00e9s besz\u00e1ll\u00edt\u00f3i kapcsolatot tart fenn, ezek a partnerek bizonyos \u2013 kiz\u00e1r\u00f3lag az adott szolg\u00e1ltat\u00e1s ig\u00e9nybev\u00e9tel\u00e9nek jogosults\u00e1ga \u00e9rdek\u00e9ben \u2013 szem\u00e9lyes adatokhoz hozz\u00e1f\u00e9rhetnek. Adatv\u00e9delmi szab\u00e1lyzatunk nem vonatkozik a harmadik felek ilyen adatgy\u0171jt\u00e9s\u00e9re vagy felhaszn\u00e1l\u00e1s\u00e1ra. Jogszab\u00e1lyi k\u00f6telezetts\u00e9g eset\u00e9n (b\u00edr\u00f3s\u00e1gi v\u00e9gz\u00e9s, hat\u00f3s\u00e1gi megkeres\u00e9s) szem\u00e9lyes adatot kiadhatunk. Szem\u00e9lyes adatot akkor is kiadhatunk, ha az \u00e9sszer\u0171en sz\u00fcks\u00e9ges a L\u00e1togat\u00f3k \u00e9s Regisztr\u00e1lt \u00dcgyfelek biztons\u00e1g\u00e1nak meg\u0151rz\u00e9s\u00e9hez.<\/p>\n<p><span style=\"font-weight: bold;\">Hogyan biztos\u00edtja a Weboldal a szem\u00e9lyes adatok v\u00e9delm\u00e9t?<\/span><\/p>\n<p>\u00d6sszes munkat\u00e1rsunk ismeri biztons\u00e1gtechnikai ir\u00e1nyelveinket \u00e9s elj\u00e1r\u00e1sainkat. A L\u00e1togat\u00f3k \u00e9s Regisztr\u00e1lt \u00dcgyfelek szem\u00e9lyes adatait csak korl\u00e1tozott sz\u00e1m\u00fa, megfelel\u0151 jogosults\u00e1ggal \u00e9s jelsz\u00f3val rendelkez\u0151 munkat\u00e1rs \u00e9rheti el. Rendszeresen audit\u00e1ljuk biztons\u00e1gi rendszereinket \u00e9s folyamataikat. Az \u00e9rz\u00e9keny adatokat \u2013 p\u00e9ld\u00e1ul bankk\u00e1rtyasz\u00e1mot vagy t\u00e1rsadalombiztos\u00edt\u00e1si sz\u00e1mot \u2013 titkos\u00edt\u00e1si elj\u00e1r\u00e1sok v\u00e9dik az internetes tov\u00e1bb\u00edt\u00e1s sor\u00e1n. B\u00e1r minden \u00e9szszer\u0171 int\u00e9zked\u00e9st megtesz\u00fcnk, hogy oldalunk biztons\u00e1g\u00e1t fenntartsuk, az elektronikus kommunik\u00e1ci\u00f3 \u00e9s adatt\u00e1rol\u00e1s sor\u00e1n el\u0151fordulhat hiba, manipul\u00e1ci\u00f3, illet\u00e9ktelen hozz\u00e1f\u00e9r\u00e9s, ez\u00e9rt nem tudunk teljes garanci\u00e1t v\u00e1llalni az ilyen esem\u00e9nyek kiz\u00e1r\u00e1s\u00e1ra, illetve nem vagyunk felel\u0151sek az ezekb\u0151l ered\u0151 k\u00e1rok\u00e9rt.<\/p>\n<p><span style=\"font-weight: bold;\">Hogyan jav\u00edthatod ki a szem\u00e9lyes adataid pontatlans\u00e1gait?<\/span><\/p>\n<p>L\u00e1togat\u00f3ink \u00e9s Regisztr\u00e1lt \u00dcgyfeleink b\u00e1rmikor felvehetik vel\u00fcnk a kapcsolatot szem\u00e9lyes adataik friss\u00edt\u00e9se vagy helyesb\u00edt\u00e9se \u00e9rdek\u00e9ben a hello@doubletakedecor.com e-mail c\u00edmen.<\/p>\n<p><span style=\"font-weight: bold;\">T\u00f6r\u00f6lhet\u0151 vagy deaktiv\u00e1lhat\u00f3-e a Weboldalon gy\u0171jt\u00f6tt szem\u00e9lyes adat?<\/span><\/p>\n<p>Lehet\u0151s\u00e9get biztos\u00edtunk L\u00e1togat\u00f3ink \u00e9s Regisztr\u00e1lt \u00dcgyfeleink sz\u00e1m\u00e1ra, hogy szem\u00e9lyes adataikat t\u00f6r\u00f6lj\u00e9k vagy deaktiv\u00e1lj\u00e1k a Weboldal adatb\u00e1zis\u00e1b\u00f3l, az erre vonatkoz\u00f3 kapcsolatfelv\u00e9tel \u00fatj\u00e1n. Biztons\u00e1gi ment\u00e9sek \u00e9s kor\u00e1bbi t\u00f6rl\u00e9si rekordok miatt el\u0151fordulhat, hogy egyes adatok r\u00e9szlegesen megmaradnak. Aki k\u00e9ri adatainak deaktiv\u00e1l\u00e1s\u00e1t, ann\u00e1l ezeket az inform\u00e1ci\u00f3kat funkcion\u00e1lisan t\u00f6r\u00f6lj\u00fck, \u00e9s az adott szem\u00e9llyel kapcsolatos adatokat a tov\u00e1bbiakban nem \u00e9rt\u00e9kes\u00edtj\u00fck, nem adjuk \u00e1t, \u00e9s nem haszn\u00e1ljuk fel semmilyen m\u00f3don.<\/p>\n<p><span style=\"font-weight: bold;\">Mi t\u00f6rt\u00e9nik, ha v\u00e1ltozik az Adatv\u00e9delmi t\u00e1j\u00e9koztat\u00f3?<\/span><\/p>\n<p>L\u00e1togat\u00f3inkat \u00e9s Regisztr\u00e1lt \u00dcgyfeleinket a v\u00e1ltoztat\u00e1sokr\u00f3l a Weboldalon kereszt\u00fcl \u00e9rtes\u00edtj\u00fck. Amennyiben az adatv\u00e9delmi t\u00e1j\u00e9koztat\u00f3nk olyan m\u00f3dos\u00edt\u00e1s\u00e1t tervezz\u00fck, amely kor\u00e1bban z\u00e1rolt szem\u00e9lyes adatok kiad\u00e1s\u00e1t eredm\u00e9nyezn\u00e9, k\u00fcl\u00f6n felvessz\u00fck a kapcsolatot az \u00e9rintettel, \u00e9s lehet\u0151s\u00e9get biztos\u00edtunk a tiltakoz\u00e1sra.<\/p>\n<p><span style=\"font-weight: bold;\">Linkek:<\/span><\/p>\n<p>A https:\/\/doubletakedecor.com weboldalon m\u00e1s oldalakra mutat\u00f3 linkek is tal\u00e1lhat\u00f3k. K\u00e9rj\u00fck, vedd figyelembe, hogy ezekre a linkekre kattintva egy m\u00e1sik weboldalra l\u00e9psz \u00e1t. Javasoljuk, hogy mindig olvasd el az adott webhely adatv\u00e9delmi nyilatkozat\u00e1t, mivel azok elt\u00e9rhetnek a mi ir\u00e1nyelveinkt\u0151l.<\/p>\n<h2 id=\"ccokie_policy\">S\u00fcti (Cookie) Szab\u00e1lyzat<\/h2>\n<p>A https:\/\/doubletakedecor.com elk\u00f6telezett az online mag\u00e1nszf\u00e9r\u00e1d v\u00e9delme mellett. Milyen adatokat gy\u0171jt\u00fcnk? Amikor felkeresed az oldalunkat, adatokat gy\u0171jt\u00fcnk r\u00f3lad. Ha regisztr\u00e1lsz vagy \u0171rlapot t\u00f6ltesz ki, elk\u00e9rhetj\u00fck a nevedet vagy az e-mail c\u00edmedet. Weboldalunkat ugyanakkor n\u00e9vtelen\u00fcl is megl\u00e1togathatod. Mire haszn\u00e1ljuk fel az adataidat? Az \u00f6sszegy\u0171jt\u00f6tt adatokat az al\u00e1bbiakra haszn\u00e1lhatjuk: weboldalunk fejleszt\u00e9se, \u00fcgyf\u00e9lszolg\u00e1lat jav\u00edt\u00e1sa. Hogyan v\u00e9dj\u00fck az adataidat? K\u00fcl\u00f6nf\u00e9le biztons\u00e1gi int\u00e9zked\u00e9seket alkalmazunk, hogy adataidat biztons\u00e1gban tudhassuk, amikor megrendel\u00e9st adsz le, vagy amikor szem\u00e9lyes adatot adsz meg, k\u00fcldesz be, vagy \u00e9rsz el n\u00e1lunk. S\u00fctik: A s\u00fctik kis adatf\u00e1jlok, amelyeket a weboldal vagy szolg\u00e1ltat\u00f3ja a b\u00f6ng\u00e9sz\u0151d\u00f6n kereszt\u00fcl (amennyiben enged\u00e9lyezed) az eszk\u00f6z\u00f6d merevlemez\u00e9re helyez el. Ez\u00e1ltal a weboldal vagy a szolg\u00e1ltat\u00f3 rendszere felismeri a b\u00f6ng\u00e9sz\u0151d \u00e9s bizonyos inform\u00e1ci\u00f3kat el tud menteni a k\u00e9s\u0151bbi l\u00e1togat\u00e1sokra. A cookie-kat arra haszn\u00e1ljuk, hogy meg\u00e9rts\u00fck \u00e9s meg\u0151rizz\u00fck a be\u00e1ll\u00edt\u00e1saidat a j\u00f6v\u0151beli l\u00e1togat\u00e1sokhoz. Online adatv\u00e9delmi ir\u00e1nyelvek kiz\u00e1r\u00f3lag: Ez az online adatv\u00e9delmi ir\u00e1nyelv csak a weboldalunkon kereszt\u00fcl gy\u0171jt\u00f6tt adatokra vonatkozik, offline gy\u0171jt\u00f6tt adatokra nem. Adatv\u00e9delmi ir\u00e1nyelv\u00fcnk m\u00f3dos\u00edt\u00e1sa eset\u00e9n a v\u00e1ltoz\u00e1sokat ezen az oldalon k\u00f6z\u00f6lj\u00fck. Ha k\u00e9rd\u00e9sed vagy \u00e9szrev\u00e9teled van az adatv\u00e9delmi t\u00e1j\u00e9koztat\u00f3nkkal kapcsolatban, k\u00e9rj\u00fck, vedd fel vel\u00fcnk a kapcsolatot, hamarosan v\u00e1laszolunk.<\/p>\n<h3>KAPCSOLATI INFORM\u00c1CI\u00d3K<\/h3>\n<p>DoubleTake D\u00e9cor <br \/>Levelez\u00e9si c\u00edm: 10900 Research Blvd\u2028Ste 160C,\u2028Austin, TX 78759 <br \/>Telefon: <br \/>10900 Research Blvd\u2028Ste 160C <br \/>Austin, TX, 78759 <br \/>USA <br \/>Kapcsolati email: hello@doubletakedecor.com.<\/p>\n<div><a target=\"_blank\" rel=\"noopener\"> Keress benn\u00fcnket Facebookon<\/a> <a target=\"_blank\" rel=\"noopener\"> Kapcsol\u00f3dj hozz\u00e1nk Google Plus-on<\/a> <a target=\"_blank\" rel=\"noopener\"> Kapcsol\u00f3dj hozz\u00e1nk LinkedIn-en<\/a> <a target=\"_blank\" rel=\"noopener\"> K\u00f6vess minket Twitteren<\/a><\/div>\n<h2 id=\"dmca\">Digital Millennium Copyright Act Szab\u00e1lyzat<\/h2>\n<p>\u00dcdv\u00f6zl\u00fcnk a https:\/\/doubletakedecor.com weboldalon (a tov\u00e1bbiakban: \u201eWeboldal\u201d). M\u00e1sok szellemi tulajdonjogait tiszteletben tartjuk, ahogy elv\u00e1rjuk, hogy m\u00e1sok is tiszteletben tarts\u00e1k a mi jogainkat. A Digital Millennium Copyright Act, az Egyes\u00fclt \u00c1llamok t\u00f6rv\u00e9nyk\u00f6nyve 17. k\u00f6nyv\u00e9nek 512(c) szakasza szerint a szerz\u0151i jog tulajdonosa vagy megb\u00edzottja az al\u00e1bbiakban megadott DMCA-\u00fcgyn\u00f6k\u00fcnk\u00f6n kereszt\u00fcl jelentheti be elt\u00e1vol\u00edt\u00e1si k\u00e9relm\u00e9t. Internetes szolg\u00e1ltat\u00f3k\u00e9nt a DMCA \u201ebiztons\u00e1gos kik\u00f6t\u0151\u201d rendelkez\u00e9seire hivatkozva mentess\u00e9get \u00e9lvez\u00fcnk az ilyen jogs\u00e9rt\u00e9sb\u0151l ered\u0151 ig\u00e9nyek al\u00f3l. Ha j\u00f3hiszem\u0171 jogs\u00e9rt\u00e9si ig\u00e9nyt szeretn\u00e9l beny\u00fajtani fel\u00e9nk, az al\u00e1bbi adatokkal rendelkez\u0151 \u00e9rtes\u00edt\u00e9st sz\u00fcks\u00e9ges eljuttatnod hozz\u00e1nk:<strong>Jogosulatlan felhaszn\u00e1l\u00e1s \u00e9rtes\u00edt\u00e9se \u2013 Ig\u00e9ny bejelent\u00e9se<\/strong>1. A szerz\u0151i jog tulajdonosa (vagy a tulajdonos nev\u00e9ben elj\u00e1rni jogosult szem\u00e9ly) fizikai vagy elektronikus al\u00e1\u00edr\u00e1sa;2. A jogs\u00e9rtett m\u0171ve(i) megjel\u00f6l\u00e9se;3. A jogs\u00e9rt\u0151nek v\u00e9lt tartalom pontos hely\u00e9nek beazonos\u00edt\u00e1sa, illetve elegend\u0151 inform\u00e1ci\u00f3 megad\u00e1sa, hogy a szolg\u00e1ltat\u00f3 azonos\u00edtani tudja az adott oldalt (K\u00e9rj\u00fck, add meg annak az oldalnak az URL-j\u00e9t, amelyre a panasz vonatkozik!);4. A bejelent\u0151 szem\u00e9ly el\u00e9rhet\u0151s\u00e9gei: n\u00e9v, lakc\u00edm, e-mail c\u00edm, telefonsz\u00e1m \u00e9s faxsz\u00e1m;5. Nyilatkozat arr\u00f3l, hogy a panasztev\u0151nek j\u00f3hiszem\u0171 meggy\u0151z\u0151d\u00e9se szerint a kifog\u00e1solt tartalom enged\u00e9ly n\u00e9lk\u00fcl ker\u00fclt felhaszn\u00e1l\u00e1sra;6. Nyilatkozat arr\u00f3l, hogy az \u00e9rtes\u00edt\u00e9sben szerepl\u0151 adatok pontosak, tov\u00e1bb\u00e1 \u2013 hamis tan\u00faz\u00e1s terhe mellett \u2013 hogy a bejelent\u0151 jogosult a jogtulajdonos nev\u00e9ben elj\u00e1rni.A 17 USC \u00a7512(f) polg\u00e1ri jogi szankci\u00f3kat, k\u00f6zt\u00fck k\u00f6lts\u00e9gt\u00e9r\u00edt\u00e9st \u00e9s \u00fcgyv\u00e9di d\u00edjat \u00e1llap\u00edt meg azon szem\u00e9lyek sz\u00e1m\u00e1ra, akik sz\u00e1nd\u00e9kosan \u00e9s l\u00e9nyegesen hamisan nyilatkoznak jogs\u00e9rt\u00e9si \u00e9rtes\u00edt\u00e9sben a 17 USC \u00a7512(c)(3) szerint.K\u00e9rj\u00fck, minden elt\u00e1vol\u00edt\u00e1si k\u00e9relmet a Kapcsolat oldalunkon kereszt\u00fcl k\u00fcldj el. Az e-mailes kapcsolatfelv\u00e9telt el\u0151nyben r\u00e9szes\u00edtj\u00fck a gyors \u00fcgyint\u00e9z\u00e9s \u00e9rdek\u00e9ben.Felh\u00edvjuk figyelmed, hogy minden szerz\u0151i jogs\u00e9rt\u00e9si ig\u00e9nyben megadott adatot, illetve a bejelent\u0151 szem\u00e9lyazonoss\u00e1g\u00e1t is \u2013 ha sz\u00fcks\u00e9ges \u2013 megoszthatjuk az \u00e1ll\u00edt\u00f3lagos jogs\u00e9rt\u0151vel. A bejelent\u00e9ssel egyet\u00e9rtesz \u00e9s elfogadod, hogy adataid ilyen m\u00f3don kezelhet\u0151ek \u00e9s k\u00f6z\u00f6lhet\u0151ek.<strong>Ellenvet\u00e9s \u2013 Tartalom vissza\u00e1ll\u00edt\u00e1si k\u00e9relem<\/strong>Ha \u00e9rtes\u00edt\u00e9st kapt\u00e1l, hogy bizonyos anyag vagy tartalom szerz\u0151i jogs\u00e9rt\u00e9s miatt elt\u00e1vol\u00edt\u00e1sra ker\u00fclt, ellenvet\u00e9sedet (ellen\u00e9rtes\u00edt\u00e9st) \u00edr\u00e1sban beny\u00fajthatod DMCA-\u00fcgyn\u00f6k\u00fcnkh\u00f6z a 17 USC 512(g)(3) rendelkez\u00e9sei alapj\u00e1n, az al\u00e1bbi inform\u00e1ci\u00f3kat megadva:1. A te fizikai vagy elektronikus al\u00e1\u00edr\u00e1sod.2. A levett tartalom le\u00edr\u00e1sa, valamint annak a helynek a megjel\u00f6l\u00e9se, ahol azel\u0151tt el\u00e9rhet\u0151 volt.3. Nyilatkozat \u2013 hamis tan\u00faz\u00e1s terhe mellett \u2013, hogy j\u00f3hiszem\u0171 meggy\u0151z\u0151d\u00e9sed szerint a tartalom elt\u00e1vol\u00edt\u00e1sa vagy letilt\u00e1sa t\u00e9ved\u00e9sb\u0151l vagy t\u00e9ves azonos\u00edt\u00e1sb\u00f3l t\u00f6rt\u00e9nt.4. Neved, lakc\u00edmed, telefonsz\u00e1mod, illetve egy nyilatkozat, miszerint elfogadod a sz\u00f6vets\u00e9gi ker\u00fcleti b\u00edr\u00f3s\u00e1g illet\u00e9kess\u00e9g\u00e9t a c\u00edmed szerinti b\u00edr\u00f3s\u00e1gon (vagy az Egyes\u00fclt \u00c1llamokon k\u00edv\u00fcl \u00e9lve b\u00e1rmely olyan ker\u00fcleti b\u00edr\u00f3s\u00e1g illet\u00e9kess\u00e9g\u00e9t, ahol a szolg\u00e1ltat\u00f3 megtal\u00e1lhat\u00f3), tov\u00e1bb\u00e1 elfogadod, hogy az eredeti jogs\u00e9rt\u00e9si bejelent\u00e9st tev\u0151 szem\u00e9ly vagy c\u00e9g r\u00e9szedre k\u00e9zbes\u00edthessen iratokat.5. Ellenvet\u00e9sedet szint\u00e9n a Kapcsolat oldalunkon kereszt\u00fcl ny\u00fajtsd be. Az e-mailt er\u0151sen javasoljuk.<strong>Ism\u00e9telt jogs\u00e9rt\u00e9sekre vonatkoz\u00f3 szab\u00e1lyzat<\/strong>A szerz\u0151i jogs\u00e9rt\u00e9sek k\u00e9rd\u00e9s\u00e9t rendk\u00edv\u00fcl komolyan vessz\u00fck. A DMCA ism\u00e9telt jogs\u00e9rt\u0151kre vonatkoz\u00f3 el\u0151\u00edr\u00e1sainak megfelel\u0151en vezetj\u00fck az \u00e9rkezett bejelent\u00e9sek nyilv\u00e1ntart\u00e1s\u00e1t, \u00e9s j\u00f3hiszem\u0171en igyeksz\u00fcnk azonos\u00edtani azokat a felhaszn\u00e1l\u00f3kat, akik ism\u00e9telten jogs\u00e9rt\u00e9st k\u00f6vetnek el. Ezek felhaszn\u00e1l\u00f3i fi\u00f3kj\u00e1t t\u00f6r\u00f6lj\u00fck.<strong>M\u00f3dos\u00edt\u00e1sok<\/strong>Fenntartjuk a jogot, hogy jelen oldal tartalm\u00e1t \u00e9s a DMCA-elj\u00e1r\u00e1sokra vonatkoz\u00f3 bels\u0151 szab\u00e1lyzatot b\u00e1rmikor, b\u00e1rmilyen okb\u00f3l m\u00f3dos\u00edtsuk. Javasoljuk, hogy rendszeresen ellen\u0151rizd ezen szab\u00e1lyzat v\u00e1ltoz\u00e1sait.<\/p>\n<h2 id=\"california_privacy\">Adatv\u00e9delmi t\u00e1j\u00e9koztat\u00f3 kaliforniai lakosoknak<\/h2>\n<h3>Fogalommeghat\u00e1roz\u00e1sok<\/h3>\n<h4>Weboldal<\/h4>\n<p>Home D\u00e9cor vagy https:\/\/doubletakedecor.com<\/p>\n<h4>Tulajdonos (vagy Mi)<\/h4>\n<p>Azt a term\u00e9szetes vagy jogi szem\u00e9lyt jel\u00f6li, amely a Weboldalt a Felhaszn\u00e1l\u00f3k rendelkez\u00e9s\u00e9re bocs\u00e1tja.<\/p>\n<h4>Felhaszn\u00e1l\u00f3 (vagy Te)<\/h4>\n<p>B\u00e1rmely olyan term\u00e9szetes vagy jogi szem\u00e9ly, aki ezt a Weboldalt haszn\u00e1lja.<\/p>\n<p>Jelen Adatv\u00e9delmi t\u00e1j\u00e9koztat\u00f3 a kaliforniai lakosok sz\u00e1m\u00e1ra kieg\u00e9sz\u00edti a Weboldal Adatv\u00e9delmi t\u00e1j\u00e9koztat\u00f3j\u00e1ban foglaltakat, \u00e9s kiz\u00e1r\u00f3lag minden olyan l\u00e1togat\u00f3ra, felhaszn\u00e1l\u00f3ra \u00e9s egy\u00e9b szem\u00e9lyre vonatkozik, akik Kalifornia \u00e1llam\u00e1ban \u00e9lnek. Ezt a t\u00e1j\u00e9koztat\u00f3t a 2018. \u00e9vi Kaliforniai Fogyaszt\u00f3v\u00e9delmi T\u00f6rv\u00e9ny (CCPA) hat\u00e1ly\u00e1nak megfelelve alkottuk meg, \u00e9s az itt haszn\u00e1lt, a CCPA \u00e1ltal defini\u00e1lt fogalmak azonos jelent\u00e9ssel b\u00edrnak.<\/p>\n<h3>Milyen adatokat gy\u0171jt\u00fcnk<\/h3>\n<p>A Weboldal olyan inform\u00e1ci\u00f3kat gy\u0171jt, amelyek alapj\u00e1n egy adott fogyaszt\u00f3 vagy eszk\u00f6z k\u00f6zvetlen\u00fcl vagy k\u00f6zvetve azonos\u00edthat\u00f3, illetve \u00f6sszekapcsolhat\u00f3 (\u201eszem\u00e9lyes adat\u201d).<\/p>\n<p>A Weboldal az elm\u00falt 12 h\u00f3napban az al\u00e1bbi szem\u00e9lyes adatkateg\u00f3ri\u00e1kat gy\u0171jt\u00f6tte felhaszn\u00e1l\u00f3it\u00f3l:<\/p>\n<table>\n<thead>\n<tr>\n<th>Kateg\u00f3ria<\/th>\n<th>P\u00e9ld\u00e1k<\/th>\n<th>Gy\u0171jt\u00f6tt\u00fck?<\/th>\n<\/tr>\n<\/thead>\n<tbody>\n<tr>\n<td>A. Azonos\u00edt\u00f3k<\/td>\n<td>Val\u00f3di n\u00e9v, \u00e1lnevek, postai c\u00edm, egyedi azonos\u00edt\u00f3, online azonos\u00edt\u00f3, IP-c\u00edm, e-mail c\u00edm, fi\u00f3kn\u00e9v, t\u00e1rsadalombiztos\u00edt\u00e1si sz\u00e1m, jogos\u00edtv\u00e1nysz\u00e1m, \u00fatlev\u00e9lsz\u00e1m vagy m\u00e1s hasonl\u00f3 azonos\u00edt\u00f3k.<\/td>\n<td>IGEN<\/td>\n<\/tr>\n<tr>\n<td>B. Kaliforniai \u00fcgyf\u00e9lnyilv\u00e1ntart\u00e1si t\u00f6rv\u00e9nyben felsorolt szem\u00e9lyes adatok (Cal. Civ. Code \u00a7 1798.80(e)).<\/td>\n<td>N\u00e9v, al\u00e1\u00edr\u00e1s, t\u00e1rsadalombiztos\u00edt\u00e1si sz\u00e1m, fizikai jellemz\u0151k vagy le\u00edr\u00e1s, c\u00edm, telefonsz\u00e1m, \u00fatlev\u00e9lsz\u00e1m, jogos\u00edtv\u00e1ny vagy \u00e1llami igazolv\u00e1ny sz\u00e1ma, biztos\u00edt\u00e1si k\u00f6tv\u00e9nysz\u00e1m, tanulm\u00e1nyi adatok, foglalkoztatotts\u00e1g, munkat\u00f6rt\u00e9net, banksz\u00e1mlasz\u00e1m, hitelk\u00e1rtyasz\u00e1m, bet\u00e9ti k\u00e1rtyasz\u00e1m, vagy b\u00e1rmely egy\u00e9b p\u00e9nz\u00fcgyi, eg\u00e9szs\u00e9g\u00fcgyi vagy eg\u00e9szs\u00e9gbiztos\u00edt\u00e1si inform\u00e1ci\u00f3.<\/td>\n<td>IGEN<\/td>\n<\/tr>\n<tr>\n<td>C. Kaliforniai vagy sz\u00f6vets\u00e9gi jog alapj\u00e1n v\u00e9dett oszt\u00e1lyoz\u00e1si jellemz\u0151k<\/td>\n<td>\u00c9letkor (40 \u00e9v felett), b\u0151rsz\u00edn, sz\u00e1rmaz\u00e1s, \u00e1llampolg\u00e1rs\u00e1g, vall\u00e1s, csal\u00e1di \u00e1llapot, eg\u00e9szs\u00e9g\u00fcgyi \u00e1llapot, testi vagy szellemi fogyat\u00e9koss\u00e1g, nem, nemi identit\u00e1s, nemi kifejez\u00e9s, terhess\u00e9g, sz\u00fcl\u00e9ssel \u00f6sszef\u00fcgg\u0151 adatok, szexu\u00e1lis ir\u00e1nyults\u00e1g, katonai\/veter\u00e1n st\u00e1tusz, genetikai inform\u00e1ci\u00f3.<\/td>\n<td>IGEN<\/td>\n<\/tr>\n<tr>\n<td>D. Kereskedelmi inform\u00e1ci\u00f3k<\/td>\n<td>Szem\u00e9lyes tulajdon, megv\u00e1s\u00e1rolt\/ig\u00e9nybe vett vagy fontol\u00f3ra vett term\u00e9kek, szolg\u00e1ltat\u00e1sok, illetve m\u00e1s v\u00e1s\u00e1rl\u00e1si\/magyar\u00e1nfogyaszt\u00e1si szok\u00e1sok.<\/td>\n<td>IGEN<\/td>\n<\/tr>\n<tr>\n<td>E. Biometrikus adatok<\/td>\n<td>Genetikai, fiziol\u00f3giai, viselked\u00e9si \u00e9s biol\u00f3giai jellemz\u0151k, vagy azokb\u00f3l nyert azonos\u00edt\u00f3 sablon, p\u00e9ld\u00e1ul ujjlenyomat, arcfelismer\u00e9si sablon, hanglenyomat, \u00edrisz- vagy retinaszken, billenty\u0171z\u00e9si vagy mozg\u00e1smint\u00e1k, alv\u00e1si, eg\u00e9szs\u00e9gi vagy testmozg\u00e1si adatok.<\/td>\n<td>IGEN<\/td>\n<\/tr>\n<tr>\n<td>F. Internetes vagy m\u00e1s hasonl\u00f3 h\u00e1l\u00f3zati tev\u00e9kenys\u00e9g<\/td>\n<td>B\u00f6ng\u00e9sz\u00e9si el\u0151zm\u00e9ny, keres\u00e9si el\u0151zm\u00e9ny, a Weboldallal, alkalmaz\u00e1ssal vagy rekl\u00e1mmal val\u00f3 interakci\u00f3 adatai.<\/td>\n<td>IGEN<\/td>\n<\/tr>\n<tr>\n<td>G. Helymeghat\u00e1roz\u00e1si adatok<\/td>\n<td>Fizikai tart\u00f3zkod\u00e1si hely vagy mozg\u00e1s adatai.<\/td>\n<td>IGEN<\/td>\n<\/tr>\n<tr>\n<td>H. Szenszoros adatok<\/td>\n<td>Hang-, elektronikus-, vizu\u00e1lis-, termikus-, szagl\u00e1si vagy hasonl\u00f3 inform\u00e1ci\u00f3k.<\/td>\n<td>IGEN<\/td>\n<\/tr>\n<tr>\n<td>I. Foglalkoz\u00e1si vagy munkaviszonyhoz kapcsol\u00f3d\u00f3 adatok<\/td>\n<td>Jelenlegi vagy kor\u00e1bbi munkahelyi adatok, teljes\u00edtm\u00e9ny\u00e9rt\u00e9kel\u00e9sek.<\/td>\n<td>IGEN<\/td>\n<\/tr>\n<tr>\n<td>J. Nem nyilv\u00e1nos oktat\u00e1si adatok (Family Educational Rights and Privacy Act szerint)<\/td>\n<td>K\u00f6zvetlen\u00fcl az oktat\u00e1si int\u00e9zm\u00e9ny \u00e1ltal kezelt tanulm\u00e1nyi nyilv\u00e1ntart\u00e1sok, p\u00e9ld\u00e1ul \u00e9rdemjegyek, bizony\u00edtv\u00e1nyok, \u00f3rarendek, hallgat\u00f3i azonos\u00edt\u00f3 k\u00f3dok, p\u00e9nz\u00fcgyi vagy fegyelmi adatok.<\/td>\n<td>IGEN<\/td>\n<\/tr>\n<tr>\n<td>K. M\u00e1s szem\u00e9lyes inform\u00e1ci\u00f3kb\u00f3l levont k\u00f6vetkeztet\u00e9sek<\/td>\n<td>Az egy\u00e9n preferenci\u00e1it, jellemz\u0151it, pszichol\u00f3giai tendenci\u00e1it, be\u00e1ll\u00edtotts\u00e1g\u00e1t, viselked\u00e9s\u00e9t, attit\u0171dj\u00e9t, intelligenci\u00e1j\u00e1t, k\u00e9pess\u00e9geit t\u00fckr\u00f6z\u0151 profil.<\/td>\n<td>IGEN<\/td>\n<\/tr>\n<\/tbody>\n<\/table>\n<p>A szem\u00e9lyes adatok k\u00f6r\u00e9b\u0151l ki vannak z\u00e1rva:<\/p>\n<ul>\n<li>\u00c1llami nyilv\u00e1ntart\u00e1sokb\u00f3l sz\u00e1rmaz\u00f3, nyilv\u00e1nosan el\u00e9rhet\u0151 inform\u00e1ci\u00f3k<\/li>\n<li>Anonimiz\u00e1lt vagy \u00f6sszes\u00edtett fogyaszt\u00f3i inform\u00e1ci\u00f3k<\/li>\n<li>A CCPA hat\u00e1lya al\u00f3l kivont, t\u00f6rv\u00e9nyileg v\u00e9dett eg\u00e9szs\u00e9g\u00fcgyi vagy m\u00e1s szem\u00e9lyes adatok<\/li>\n<\/ul>\n<p>A fenti kateg\u00f3ri\u00e1j\u00fa szem\u00e9lyes adatokat az al\u00e1bbi forr\u00e1sokb\u00f3l gy\u0171jtj\u00fck:<\/p>\n<ul>\n<li>K\u00f6zvetlen\u00fcl t\u0151led (p\u00e9ld\u00e1ul \u0171rlapkit\u00f6lt\u00e9sekb\u0151l, term\u00e9krendel\u00e9sekb\u0151l)<\/li>\n<li>K\u00f6zvetve t\u0151led (p\u00e9ld\u00e1ul a Weboldalon v\u00e9gzett m\u0171veletek megfigyel\u00e9se alapj\u00e1n)<\/li>\n<\/ul>\n<h3>Szem\u00e9lyes adatok felhaszn\u00e1l\u00e1sa<\/h3>\n<p>A begy\u0171jt\u00f6tt szem\u00e9lyes adatokat az al\u00e1bbi \u00fczleti c\u00e9lokra haszn\u00e1lhatjuk fel vagy tehetj\u00fck k\u00f6zz\u00e9:<\/p>\n<ul>\n<li>Ami\u00e9rt az adatokat megadtad (p\u00e9ld\u00e1ul n\u00e9v \u00e9s el\u00e9rhet\u0151s\u00e9g \u00e1rkalkul\u00e1ci\u00f3 vagy szolg\u00e1ltat\u00e1s-lek\u00e9rdez\u00e9s sor\u00e1n, illetve rendel\u00e9s vagy szolg\u00e1ltat\u00e1s v\u00e1s\u00e1rl\u00e1sa eset\u00e9n a teljes\u00edt\u00e9shez); inform\u00e1ci\u00f3k ment\u00e9se \u00faj rendel\u00e9s vagy vissz\u00e1ru megk\u00f6nny\u00edt\u00e9s\u00e9hez.<\/li>\n<li>K\u00e9relmek, v\u00e1s\u00e1rl\u00e1sok, tranzakci\u00f3k, fizet\u00e9sek feldolgoz\u00e1sa, illetve tranzakci\u00f3s csal\u00e1sok megel\u0151z\u00e9se.<\/li>\n<li>\u00dcgyf\u00e9lszolg\u00e1lat, t\u00e1mogat\u00e1s, panaszok kivizsg\u00e1l\u00e1sa, fejleszt\u00e9sek monitoroz\u00e1sa.<\/li>\n<li>Hat\u00f3s\u00e1gi megkeres\u00e9sek, illetve jogszab\u00e1lyok vagy b\u00edr\u00f3s\u00e1gi v\u00e9gz\u00e9s \u00e1ltal el\u0151\u00edrt k\u00f6telezetts\u00e9gek teljes\u00edt\u00e9se.<\/li>\n<li>Az itt \u00edrtakon fel\u00fcl, mindig a CCPA-ban \u00e9s az inform\u00e1ci\u00f3gy\u0171jt\u00e9skor k\u00f6z\u00f6lteknek megfelel\u0151en.<\/li>\n<li>\u00d6sszeolvad\u00e1s, \u00e1tszervez\u00e9s, felv\u00e1s\u00e1rl\u00e1s vagy m\u00e1s szervezeti v\u00e1ltoz\u00e1s eset\u00e9n az adatok \u00e1tad\u00e1s\u00e1hoz kapcsol\u00f3d\u00f3 c\u00e9lok.<\/li>\n<\/ul>\n<p>Nem gy\u0171jt\u00fcnk \u00fajabb adatokat, \u00e9s nem haszn\u00e1ljuk fel a m\u00e1r gy\u0171jt\u00f6tt adatokat elt\u00e9r\u0151, nem kapcsol\u00f3d\u00f3 vagy az itt le\u00edrtakt\u00f3l elt\u00e9r\u0151 c\u00e9lra, amennyiben err\u0151l el\u0151zetesen k\u00fcl\u00f6n nem t\u00e1j\u00e9koztatunk.<\/p>\n<h3>Szem\u00e9lyes adatok megoszt\u00e1sa<\/h3>\n<p>Az adatokat \u00fczletszer\u0171en harmadik f\u00e9lnek \u00e1tadhatjuk. Ebben az esetben szerz\u0151d\u00e9sben r\u00f6gz\u00edtj\u00fck a c\u00e9lokat, biztos\u00edtjuk az adatok titkoss\u00e1g\u00e1t \u00e9s el\u0151\u00edrjuk, hogy a partner csak a szerz\u0151d\u00e9s teljes\u00edt\u00e9s\u00e9hez haszn\u00e1lhatja azokat.<\/p>\n<p>Adatokat az al\u00e1bbi partnereknek adhatunk \u00e1t:<\/p>\n<ul>\n<li>Szolg\u00e1ltat\u00f3k<\/li>\n<li>Adataggreg\u00e1torok<\/li>\n<\/ul>\n<h3>Jogok \u00e9s lehet\u0151s\u00e9gek<\/h3>\n<p>A CCPA a kaliforniai lakosok sz\u00e1m\u00e1ra saj\u00e1tos adatkezel\u00e9si jogokat biztos\u00edt. Az al\u00e1bbiakban ismertetj\u00fck a jogaidat \u00e9s azok \u00e9rv\u00e9nyes\u00edt\u00e9s\u00e9nek m\u00f3dj\u00e1t.<\/p>\n<h4>Hozz\u00e1f\u00e9r\u00e9si \u00e9s adathordozhat\u00f3s\u00e1gi jog<\/h4>\n<p>Jogod van k\u00e9rni t\u0151l\u00fcnk a szem\u00e9lyes adataid elm\u00falt 12 h\u00f3napban gy\u0171jt\u00f6tt k\u00f6r\u00e9r\u0151l \u00e9s felhaszn\u00e1l\u00e1s\u00e1r\u00f3l sz\u00f3l\u00f3 t\u00e1j\u00e9koztat\u00e1st. Megfelel\u0151 beazonos\u00edt\u00e1s ut\u00e1n (l\u00e1sd k\u00f6vetkez\u0151 fejezet) a k\u00f6vetkez\u0151kr\u0151l kapsz t\u00e1j\u00e9koztat\u00e1st:<\/p>\n<ul>\n<li>Az \u00e1ltalunk r\u00f3lad gy\u0171jt\u00f6tt szem\u00e9lyes adatok kateg\u00f3ri\u00e1i<\/li>\n<li>Ez adatok forr\u00e1sainak kateg\u00f3ri\u00e1i<\/li>\n<li>Milyen c\u00e9lb\u00f3l gy\u0171jtj\u00fck vagy \u00e9rt\u00e9kes\u00edtj\u00fck az adatokat<\/li>\n<li>Kiknek osztottuk meg ezen adatokat<\/li>\n<li>Pontos adataid \u00f6sszes\u00edt\u00e9se (adathordozhat\u00f3s\u00e1gi ig\u00e9ny)<\/li>\n<li>Ha adatokat eladtunk vagy \u00fczleti c\u00e9lb\u00f3l kiadtunk, akkor k\u00e9t list\u00e1t: melyik adatkateg\u00f3ri\u00e1t ki v\u00e1s\u00e1rolta meg, illetve melyik \u00fczleti partner mely adatokat kapta meg<\/li>\n<\/ul>\n<h4>T\u00f6rl\u00e9shez val\u00f3 jog<\/h4>\n<p>Jogod van k\u00e9rni, hogy a n\u00e1lunk t\u00e1rolt szem\u00e9lyes adataidat t\u00f6r\u00f6lj\u00fck, kiv\u00e9ve az al\u00e1bbi kiv\u00e9telek valamelyike eset\u00e9n. A lek\u00e9rdez\u00e9s beazonos\u00edt\u00e1sa ut\u00e1n k\u00e9r\u00e9sed szerint t\u00f6r\u00f6lj\u00fck az \u00f6sszes szem\u00e9lyes adatot, illetve k\u00e9rj\u00fck partnereinket is t\u00f6rl\u00e9sre.<\/p>\n<p>Megtagadhatjuk a t\u00f6rl\u00e9st, ha az adatmeg\u0151rz\u00e9s sz\u00fcks\u00e9ges az al\u00e1bbi c\u00e9lok valamelyik\u00e9hez:<\/p>\n<ul>\n<li>Az \u00e1ltalad ig\u00e9nyelt tranzakci\u00f3 vagy szerz\u0151d\u00e9s teljes\u00edt\u00e9s\u00e9hez<\/li>\n<li>Biztons\u00e1gi esem\u00e9nyek \u00e9szlel\u00e9se, csal\u00e1s vagy jogellenes tev\u00e9kenys\u00e9g megel\u0151z\u00e9se vagy \u00fcld\u00f6z\u00e9se<\/li>\n<li>Term\u00e9khib\u00e1k felt\u00e1r\u00e1sa \u00e9s jav\u00edt\u00e1sa<\/li>\n<li>A Kaliforniai Elektronikus Kommunik\u00e1ci\u00f3s T\u00f6rv\u00e9nynek val\u00f3 megfelel\u00e9s, illetve bels\u0151, fogyaszt\u00f3i elv\u00e1r\u00e1sok ment\u00e9n indokolt felhaszn\u00e1l\u00e1sok<\/li>\n<li>Jogszab\u00e1lyi k\u00f6telezetts\u00e9g teljes\u00edt\u00e9se<\/li>\n<li>Minden egy\u00e9b bels\u0151 \u00e9s jogszer\u0171 c\u00e9l, amely \u00f6sszhangban \u00e1ll az eredeti adatgy\u0171jt\u00e9si kontextussal<\/li>\n<\/ul>\n<h4>Azonos\u00edt\u00e1s, hozz\u00e1f\u00e9r\u00e9si jogaid \u00e9s t\u00f6rl\u00e9si jogod gyakorl\u00e1sa<\/h4>\n<p>Fenti jogaidat az al\u00e1bbi m\u00f3don tudod \u00e9rv\u00e9nyes\u00edteni:<\/p>\n<ul>\n<li>Telefonon<\/li>\n<li>E-mailben: hello@doubletakedecor.com<\/li>\n<\/ul>\n<p>Kiz\u00e1r\u00f3lag te vagy az \u00e1ltalad Kalifornia \u00e1llamn\u00e1l regisztr\u00e1lt meghatalmazott szem\u00e9ly tehet beazonos\u00edtott k\u00e9relmet. Kiskor\u00fa gyermeked nev\u00e9ben is ny\u00fajthatsz be ilyen k\u00e9relmet.<\/p>\n<p>\u00c9vente k\u00e9tszer adhatsz be azonos\u00edt\u00e1s alap\u00fa adathozz\u00e1f\u00e9r\u00e9si vagy adathordozhat\u00f3s\u00e1gi k\u00e9relmet. A beazonos\u00edtott k\u00e9relemhez:<\/p>\n<ul>\n<li>Kell\u0151 adatot kell adnod az azonos\u00edt\u00e1sod igazol\u00e1s\u00e1hoz, hogy felismerj\u00fck: val\u00f3ban r\u00f3lad t\u00e1rolt adatokat gy\u0171jt\u00f6tt\u00fcnk<\/li>\n<li>Olyan r\u00e9szletezetts\u00e9ggel kell megadni a k\u00e9relmet, hogy megfelel\u0151en tudjunk v\u00e1laszolni r\u00e1<\/li>\n<\/ul>\n<p>Ha azonos\u00edt\u00e1s hi\u00e1ny\u00e1ban nem tudjuk ellen\u0151rizni jogosults\u00e1godat, nem tudunk inform\u00e1ci\u00f3t megosztani. K\u00e9r\u00e9sedhez nem sz\u00fcks\u00e9ges fi\u00f3kot l\u00e9trehozni.<\/p>\n<p>Az \u00fcgyint\u00e9z\u00e9shez haszn\u00e1lt szem\u00e9lyes adatokat kiz\u00e1r\u00f3lag az azonos\u00edt\u00e1s vagy jogosults\u00e1g ellen\u0151rz\u00e9s\u00e9re haszn\u00e1ljuk fel.<\/p>\n<h4>V\u00e1laszid\u0151 \u00e9s t\u00e1j\u00e9koztat\u00e1s form\u00e1ja<\/h4>\n<p>Igyeksz\u00fcnk valamennyi beazonos\u00edtott k\u00e9relemre 45 napon bel\u00fcl v\u00e1laszt adni. Ha t\u00f6bb id\u0151re van sz\u00fcks\u00e9g\u00fcnk, azt indokoljuk \u00e9s a hosszabb\u00edt\u00e1s id\u0151tartam\u00e1r\u00f3l is \u00e9rtes\u00edt\u00fcnk.<\/p>\n<p>A v\u00e1laszt k\u00e9rheted e-mailben vagy post\u00e1n \u2013 ahogy k\u00e9red.<\/p>\n<p>Az \u00e1ltalunk k\u00fcld\u00f6tt t\u00e1j\u00e9koztat\u00e1s csak a k\u00e9relem be\u00e9rkez\u00e9s\u00e9t megel\u0151z\u0151 12 h\u00f3nap adataira terjed ki, \u00e9s indokoljuk azt is, ha valaminek nem tudunk eleget tenni. Az adathordozhat\u00f3s\u00e1gi ig\u00e9ny teljes\u00edt\u00e9se olyan form\u00e1tumban t\u00f6rt\u00e9nik, amely alkalmas az adatok \u00e1tad\u00e1s\u00e1ra m\u00e1s szervezet r\u00e9sz\u00e9re, akad\u00e1lyoztat\u00e1s n\u00e9lk\u00fcl.<\/p>\n<p>A k\u00e9relmek feldolgoz\u00e1s\u00e1\u00e9rt csak akkor sz\u00e1molunk fel d\u00edjat, ha az ar\u00e1nytalanul sok, ism\u00e9tl\u0151d\u0151 vagy t\u00falz\u00f3. Ekkor el\u0151zetesen k\u00f6zz\u00e9tessz\u00fck a d\u00edjat \u00e9s annak ok\u00e1t.<\/p>\n<h4>Szem\u00e9lyes inform\u00e1ci\u00f3k \u00e9rt\u00e9kes\u00edt\u00e9se<\/h4>\n<p>Szem\u00e9lyes adataidat nem \u00e9rt\u00e9kes\u00edtj\u00fck harmadik f\u00e9l r\u00e9sz\u00e9re. Amennyiben valaha is sz\u00e1nd\u00e9kunkban \u00e1llna ilyen c\u00e9l, el\u0151zetesen \u201eopt-out\u201d \u00e9s \u201eopt-in\u201d lehet\u0151s\u00e9get biztos\u00edtunk a CCPA-nak megfelel\u0151en.<\/p>\n<h3>Diszkrimin\u00e1ci\u00f3mentess\u00e9g<\/h3>\n<p>Nem alkalmazunk veled szemben h\u00e1tr\u00e1nyos megk\u00fcl\u00f6nb\u00f6ztet\u00e9st a CCPA szerinti jogaid gyakorl\u00e1sa miatt. K\u00fcl\u00f6n\u00f6sen nem:<\/p>\n<ul>\n<li>Vonunk meg t\u0151led term\u00e9ket vagy szolg\u00e1ltat\u00e1st<\/li>\n<li>Szabunk magasabb \u00e1rat, d\u00edjat vagy felt\u00e9telt, vagy adunk engedm\u00e9nyt, ha \u00e9lsz a jogaiddal<\/li>\n<li>Ny\u00fajtunk elt\u00e9r\u0151 sz\u00ednvonal\u00fa vagy min\u0151s\u00e9g\u0171 term\u00e9ket vagy szolg\u00e1ltat\u00e1st<\/li>\n<li>Jelezz\u00fck, hogy esetleg m\u00e1s \u00e1r vagy min\u0151s\u00e9g v\u00e1r r\u00e1d a jogaid gyakorl\u00e1sa miatt<\/li>\n<\/ul>\n<h3>Egy\u00e9b kaliforniai adatv\u00e9delmi jogok<\/h3>\n<p>A kaliforniai \u201eShine the Light\u201d (Civil Code Section \u00a7 1798.83) t\u00f6rv\u00e9ny lehet\u0151v\u00e9 teszi, hogy a Weboldal kaliforniai felhaszn\u00e1l\u00f3i k\u00e9relmezz\u00e9k: adatszolg\u00e1ltat\u00e1st k\u00e9rhetnek arr\u00f3l, hogy mely harmadik f\u00e9llel osztottunk meg saj\u00e1t c\u00e9l\u00fa k\u00f6zvetlen marketinghez szem\u00e9lyes adatot. K\u00e9r\u00e9sedet az [Email] c\u00edmre v\u00e1rjuk.<\/p>\n<h3>Az adatv\u00e9delmi t\u00e1j\u00e9koztat\u00f3 v\u00e1ltoz\u00e1sai<\/h3>\n<p>Fenntartjuk a jogot, hogy jelen adatv\u00e9delmi t\u00e1j\u00e9koztat\u00f3t b\u00e1rmikor, saj\u00e1t bel\u00e1t\u00e1sunk szerint m\u00f3dos\u00edtsuk. A friss\u00edtett verzi\u00f3t mindig k\u00f6zz\u00e9tessz\u00fck a Weboldalon \u00e9s friss\u00edtj\u00fck az \u00e9rv\u00e9nyess\u00e9gi d\u00e1tumot. Az oldal tov\u00e1bbi haszn\u00e1lata a m\u00f3dos\u00edt\u00e1s ut\u00e1n a felt\u00e9telek elfogad\u00e1s\u00e1nak min\u0151s\u00fcl.<\/p>\n<h3>Kapcsolatfelv\u00e9tel<\/h3>\n<p>Ha k\u00e9rd\u00e9sed vagy \u00e9szrev\u00e9teled van jelen t\u00e1j\u00e9koztat\u00f3val, adatgy\u0171jt\u00e9si- \u00e9s adatkezel\u00e9si gyakorlatunkkal, jogaid gyakorl\u00e1s\u00e1val kapcsolatban, vagy gyakorolni k\u00edv\u00e1nod jogaidat a kaliforniai t\u00f6rv\u00e9nyek szerint, b\u00e1tran keresd fel:<\/p>\n<ul>\n<li>Weboldal: https:\/\/doubletakedecor.com<\/li>\n<li>E-mail: hello@doubletakedecor.com<\/li>\n<\/ul>\n<p class=\"pp_updated\">Utols\u00f3 friss\u00edt\u00e9s: 2025. j\u00falius 20.<\/p>\n","protected":false},"excerpt":{"rendered":"<p>Adatv\u00e9delmi t\u00e1j\u00e9koztat\u00f3 \u00dcdv\u00f6zl\u00fcnk a https:\/\/doubletakedecor.com weboldalon (a tov\u00e1bbiakban: \u201eWeboldal\u201d). Meg\u00e9rtj\u00fck, hogy a mag\u00e1nszf\u00e9ra v\u00e9delme kiemelten fontos a Weboldalunk l\u00e1togat\u00f3i sz\u00e1m\u00e1ra, k\u00fcl\u00f6n\u00f6sen \u00fczleti tev\u00e9kenys\u00e9g sor\u00e1n. Jelen nyilatkozat azokat az adatv\u00e9delmi ir\u00e1nyelveket szab\u00e1lyozza, amelyek a Weboldalt megtekint\u0151 (tov\u00e1bbiakban: \u201eL\u00e1togat\u00f3k\u201d), illetve a Weboldalon regisztr\u00e1l\u00f3 \u00e9s a DoubleTake D\u00e9cor \u00e1ltal k\u00edn\u00e1lt k\u00fcl\u00f6nf\u00e9le szolg\u00e1ltat\u00e1sokat (egy\u00fcttesen: \u201eSzolg\u00e1ltat\u00e1sok\u201d) ig\u00e9nybe vev\u0151 (tov\u00e1bbiakban: \u201eRegisztr\u00e1lt \u00dcgyfelek\u201d) felhaszn\u00e1l\u00f3kra vonatkoznak. \u201eSzem\u00e9lyes azonos\u00edt\u00e1sra&hellip;<\/p>\n","protected":false},"author":12,"featured_media":0,"parent":0,"menu_order":0,"comment_status":"closed","ping_status":"closed","template":"","meta":{"rank_math_focus_keyword":"","rank_math_title":"","rank_math_description":"","footnotes":""},"class_list":["post-2713","page","type-page","status-publish","hentry","no-post-thumbnail"],"g_custom_schema_json":"","_links":{"self":[{"href":"https:\/\/doubletakedecor.com\/hu\/wp-json\/wp\/v2\/pages\/2713","targetHints":{"allow":["GET"]}}],"collection":[{"href":"https:\/\/doubletakedecor.com\/hu\/wp-json\/wp\/v2\/pages"}],"about":[{"href":"https:\/\/doubletakedecor.com\/hu\/wp-json\/wp\/v2\/types\/page"}],"author":[{"embeddable":true,"href":"https:\/\/doubletakedecor.com\/hu\/wp-json\/wp\/v2\/users\/12"}],"replies":[{"embeddable":true,"href":"https:\/\/doubletakedecor.com\/hu\/wp-json\/wp\/v2\/comments?post=2713"}],"version-history":[{"count":3,"href":"https:\/\/doubletakedecor.com\/hu\/wp-json\/wp\/v2\/pages\/2713\/revisions"}],"predecessor-version":[{"id":2731,"href":"https:\/\/doubletakedecor.com\/hu\/wp-json\/wp\/v2\/pages\/2713\/revisions\/2731"}],"wp:attachment":[{"href":"https:\/\/doubletakedecor.com\/hu\/wp-json\/wp\/v2\/media?parent=2713"}],"curies":[{"name":"wp","href":"https:\/\/api.w.org\/{rel}","templated":true}]}}