{"id":2736,"date":"2025-07-20T00:54:31","date_gmt":"2025-07-19T22:54:31","guid":{"rendered":"https:\/\/doubletakedecor.com\/terms-of-use\/"},"modified":"2025-07-20T14:00:33","modified_gmt":"2025-07-20T12:00:33","slug":"felhasznalasi-feltetelek","status":"publish","type":"page","link":"https:\/\/doubletakedecor.com\/hu\/felhasznalasi-feltetelek\/","title":{"rendered":"Felhaszn\u00e1l\u00e1si felt\u00e9telek"},"content":{"rendered":"<p>Jelen felt\u00e9telek szab\u00e1lyozz\u00e1k a https:\/\/doubletakedecor.com weboldalon (a tov\u00e1bbiakban: \u201eSzolg\u00e1ltat\u00e1s\u201d) el\u00e9rhet\u0151 minden tartalomhoz, term\u00e9khez \u00e9s szolg\u00e1ltat\u00e1shoz val\u00f3 hozz\u00e1f\u00e9r\u00e9sedet \u00e9s haszn\u00e1latodat, amelyet a DoubleTake D\u00e9cor (a tov\u00e1bbiakban: \u201emi\u201d, \u201eminket\u201d, vagy \u201emink\u201d) \u00fczemeltet.<\/p>\n<p>Szolg\u00e1ltat\u00e1sainkhoz val\u00f3 hozz\u00e1f\u00e9r\u00e9sed annak felt\u00e9tel\u00e9hez k\u00f6t\u00f6tt, hogy minden itt tal\u00e1lhat\u00f3, valamint \u00e1ltalunk id\u0151r\u0151l id\u0151re k\u00f6zz\u00e9tett \u00f6sszes tov\u00e1bbi \u00fczemeltet\u00e9si szab\u00e1lyzatot \u00e9s felt\u00e9telt m\u00f3dos\u00edt\u00e1s n\u00e9lk\u00fcl elfogadsz.<\/p>\n<p>K\u00e9rj\u00fck, figyelmesen olvasd el a Meg\u00e1llapod\u00e1st, miel\u0151tt hozz\u00e1f\u00e9rn\u00e9l vagy haszn\u00e1ln\u00e1d Szolg\u00e1ltat\u00e1sainkat. Amennyiben szolg\u00e1ltat\u00e1saink b\u00e1rmely r\u00e9sz\u00e9hez hozz\u00e1f\u00e9rsz vagy haszn\u00e1lod azokat, elfogadod a jelen Felt\u00e9telekben foglaltakat. Ha a Meg\u00e1llapod\u00e1s b\u00e1rmely felt\u00e9tel\u00e9vel nem \u00e9rtesz egyet, nem f\u00e9rhetsz hozz\u00e1 \u00e9s nem haszn\u00e1lhatod Szolg\u00e1ltat\u00e1sainkat.<\/p>\n<h2>Szerz\u0151i jogok \u00e9s szellemi tulajdon<\/h2>\n<p>A Meg\u00e1llapod\u00e1s nem ruh\u00e1z \u00e1t R\u00f3lad r\u00e1nk vagy harmadik f\u00e9lre semmilyen szerz\u0151i jogot vagy szellemi tulajdonjogot, \u00e9s minden ilyen jog, tulajdon \u00e9s \u00e9rdek (a felek k\u00f6z\u00f6tt) kiz\u00e1r\u00f3lag a DoubleTake D\u00e9cor-t \u00e9s licencad\u00f3it illeti.<\/p>\n<h3>Harmadik f\u00e9l szolg\u00e1ltat\u00e1sai<\/h3>\n<p>A Szolg\u00e1ltat\u00e1sok haszn\u00e1lata sor\u00e1n harmadik f\u00e9l \u00e1ltal fejlesztett szolg\u00e1ltat\u00e1sokat, term\u00e9keket, szoftvereket, be\u00e1gyaz\u00e1sokat vagy alkalmaz\u00e1sokat (\u201eHarmadik F\u00e9l Szolg\u00e1ltat\u00e1sok\u201d) is ig\u00e9nybe vehetsz.<\/p>\n<p>Ha b\u00e1rmilyen Harmadik F\u00e9l Szolg\u00e1ltat\u00e1st haszn\u00e1lsz, tudom\u00e1sul veszed, hogy:<\/p>\n<ul>\n<li>B\u00e1rmely Harmadik F\u00e9l Szolg\u00e1ltat\u00e1s haszn\u00e1lata saj\u00e1t felel\u0151ss\u00e9gedre t\u00f6rt\u00e9nik, \u00e9s mi nem v\u00e1llalunk felel\u0151ss\u00e9get vagy k\u00f6telezetts\u00e9get semmilyen harmadik f\u00e9l weboldal\u00e9rt vagy szolg\u00e1ltat\u00e1s\u00e9rt.<\/li>\n<li>Elismered \u00e9s elfogadod, hogy nem v\u00e1llalunk felel\u0151ss\u00e9get semmilyen k\u00e1r\u00e9rt vagy vesztes\u00e9g\u00e9rt, amelyet az ilyen tartalom, \u00e1ru vagy szolg\u00e1ltat\u00e1s haszn\u00e1lata okozott, vagy \u00e1ll\u00edt\u00f3lagosan okozott, illetve amely az ilyen weboldalakon vagy szolg\u00e1ltat\u00e1sokon kereszt\u00fcl el\u00e9rhet\u0151.<\/li>\n<\/ul>\n<h2>Fi\u00f3kok<\/h2>\n<p>Amennyiben szolg\u00e1ltat\u00e1saink b\u00e1rmely r\u00e9sz\u00e9nek haszn\u00e1lat\u00e1hoz fi\u00f3k sz\u00fcks\u00e9ges, v\u00e1llalod, hogy a regisztr\u00e1ci\u00f3 sor\u00e1n teljes \u00e9s pontos adatokat adsz meg.<\/p>\n<p>Kiz\u00e1r\u00f3lag te felelsz a fi\u00f3kod alatt t\u00f6rt\u00e9n\u0151 minden tev\u00e9kenys\u00e9g\u00e9rt. Te vagy felel\u0151s a fi\u00f3kadataid naprak\u00e9szen tart\u00e1s\u00e1\u00e9rt \u00e9s jelszavad biztons\u00e1g\u00e1\u00e9rt.<\/p>\n<p>Te felelsz a fi\u00f3kod biztons\u00e1g\u00e1nak fenntart\u00e1s\u00e1\u00e9rt, amellyel hozz\u00e1f\u00e9rsz a Szolg\u00e1ltat\u00e1shoz. Hozz\u00e1f\u00e9r\u00e9si adataidat nem oszthatod meg m\u00e1sokkal, \u00e9s nem haszn\u00e1lhatod azokat jogellenesen. Halad\u00e9ktalanul \u00e9rtes\u00edtened kell minket minden jogosulatlan fi\u00f3khaszn\u00e1latr\u00f3l, vagy ha b\u00e1rmilyen biztons\u00e1gi r\u00e9sr\u0151l tudom\u00e1st szerzel.<\/p>\n<h2>Megsz\u00fcntet\u00e9s<\/h2>\n<p>Jogosultak vagyunk b\u00e1rmikor, indokl\u00e1ssal vagy an\u00e9lk\u00fcl, el\u0151zetes \u00e9rtes\u00edt\u00e9ssel vagy an\u00e9lk\u00fcl, azonnali hat\u00e1llyal megsz\u00fcntetni vagy felf\u00fcggeszteni szolg\u00e1ltat\u00e1sainkhoz val\u00f3 hozz\u00e1f\u00e9r\u00e9sedet r\u00e9szben vagy eg\u00e9szben.<\/p>\n<p>Ha meg k\u00edv\u00e1nod sz\u00fcntetni a Meg\u00e1llapod\u00e1st vagy a DoubleTake D\u00e9cor fi\u00f3kodat, egyszer\u0171en hagyd abba szolg\u00e1ltat\u00e1saink haszn\u00e1lat\u00e1t.<\/p>\n<p>A Meg\u00e1llapod\u00e1s minden olyan rendelkez\u00e9se, melyeknek term\u00e9szet\u00fckn\u00e9l fogva fenn kell maradniuk, a megsz\u00fcntet\u00e9st k\u00f6vet\u0151en is \u00e9rv\u00e9nyben maradnak, bele\u00e9rtve korl\u00e1toz\u00e1s n\u00e9lk\u00fcl a tulajdonjogra vonatkoz\u00f3 rendelkez\u00e9seket, garanciav\u00e1llal\u00e1s kiz\u00e1r\u00e1s\u00e1t, k\u00e1rtalan\u00edt\u00e1st \u00e9s felel\u0151ss\u00e9gkorl\u00e1toz\u00e1st.<\/p>\n<h2>Felel\u0151ss\u00e9gkiz\u00e1r\u00e1s<\/h2>\n<p>Szolg\u00e1ltat\u00e1sainkat \u201eJELENLEGI \u00c1LLAPOTUKBAN\u201d \u00e9s \u201eEL\u00c9RHET\u0150 \u00c1LLAPOTBAN\u201d biztos\u00edtjuk. A DoubleTake D\u00e9cor valamint besz\u00e1ll\u00edt\u00f3i \u00e9s licencad\u00f3i kifejezetten kiz\u00e1rnak mindenf\u00e9le, ak\u00e1r kifejezett, ak\u00e1r hallgat\u00f3lagos szavatoss\u00e1got, bele\u00e9rtve \u2013 de nem kiz\u00e1r\u00f3lagosan \u2013 a forgalmazhat\u00f3s\u00e1gra, egy bizonyos c\u00e9lra val\u00f3 alkalmass\u00e1gra \u00e9s a jogs\u00e9rt\u00e9s mentess\u00e9g\u00e9re vonatkoz\u00f3 szavatoss\u00e1got. Sem a DoubleTake D\u00e9cor, sem besz\u00e1ll\u00edt\u00f3i \u00e9s licencad\u00f3i nem szavatolj\u00e1k, hogy szolg\u00e1ltat\u00e1saink hibamentesek lesznek, vagy hogy a szolg\u00e1ltat\u00e1s folyamatosan, megszak\u00edt\u00e1s n\u00e9lk\u00fcl hozz\u00e1f\u00e9rhet\u0151 lesz. Tudom\u00e1sul veszed, hogy b\u00e1rmilyen tartalmat vagy szolg\u00e1ltat\u00e1st saj\u00e1t bel\u00e1t\u00e1sod \u00e9s felel\u0151ss\u00e9ged szerint t\u00f6ltesz le, vagy szerzel be szolg\u00e1ltat\u00e1sainkon kereszt\u00fcl.<\/p>\n<h3>Joghat\u00f3s\u00e1g \u00e9s ir\u00e1nyad\u00f3 jog<\/h3>\n<p>Elt\u00e9r\u0151 rendelkez\u00e9s hi\u00e1ny\u00e1ban a Meg\u00e1llapod\u00e1sra \u00e9s szolg\u00e1ltat\u00e1sainkhoz val\u00f3 hozz\u00e1f\u00e9r\u00e9sedre vagy haszn\u00e1latodra az Egyes\u00fclt \u00c1llamok jogszab\u00e1lyai az ir\u00e1nyad\u00f3k.<\/p>\n<p>A Meg\u00e1llapod\u00e1sb\u00f3l vagy szolg\u00e1ltat\u00e1sainkhoz val\u00f3 hozz\u00e1f\u00e9r\u00e9sedb\u0151l, illetve haszn\u00e1latodb\u00f3l ered\u0151 vit\u00e1k rendez\u00e9s\u00e9nek kiz\u00e1r\u00f3lagos helye az Egyes\u00fclt \u00c1llamok \u00e1llami \u00e9s sz\u00f6vets\u00e9gi b\u00edr\u00f3s\u00e1gai.<\/p>\n<h2>V\u00e1ltoztat\u00e1sok<\/h2>\n<p>A DoubleTake D\u00e9cor fenntartja mag\u00e1nak a jogot, hogy saj\u00e1t bel\u00e1t\u00e1sa szerint b\u00e1rmikor m\u00f3dos\u00edtsa vagy lecser\u00e9lje ezen Felt\u00e9teleket.<\/p>\n<p>Ha l\u00e9nyegi m\u00f3dos\u00edt\u00e1sokat v\u00e9gz\u00fcnk, err\u0151l el\u0151zetesen \u00e9rtes\u00edt\u00fcnk weboldalunkon val\u00f3 k\u00f6zz\u00e9t\u00e9tellel, vagy e-mailben, illetve m\u00e1s kommunik\u00e1ci\u00f3s csatorn\u00e1n kereszt\u00fcl, miel\u0151tt a m\u00f3dos\u00edt\u00e1sok hat\u00e1lyba l\u00e9pn\u00e9nek. Az \u00e9rtes\u00edt\u00e9s \u00e9sszer\u0171 id\u0151pontot jel\u00f6l meg, amely ut\u00e1n az \u00faj felt\u00e9telek \u00e9rv\u00e9nybe l\u00e9pnek.<\/p>\n<p>Ha nem \u00e9rtesz egyet a v\u00e1ltoztat\u00e1sokkal, az \u00e9rtes\u00edt\u00e9si id\u0151n bel\u00fcl, vagy a v\u00e1ltoz\u00e1sok hat\u00e1lyba l\u00e9p\u00e9se ut\u00e1n hagyd abba szolg\u00e1ltat\u00e1saink haszn\u00e1lat\u00e1t.<\/p>\n<p>Szolg\u00e1ltat\u00e1saink tov\u00e1bbi haszn\u00e1lata az \u00faj felt\u00e9telek elfogad\u00e1s\u00e1t jelenti.<\/p>\n","protected":false},"excerpt":{"rendered":"<p>Jelen felt\u00e9telek szab\u00e1lyozz\u00e1k a https:\/\/doubletakedecor.com weboldalon (a tov\u00e1bbiakban: \u201eSzolg\u00e1ltat\u00e1s\u201d) el\u00e9rhet\u0151 minden tartalomhoz, term\u00e9khez \u00e9s szolg\u00e1ltat\u00e1shoz val\u00f3 hozz\u00e1f\u00e9r\u00e9sedet \u00e9s haszn\u00e1latodat, amelyet a DoubleTake D\u00e9cor (a tov\u00e1bbiakban: \u201emi\u201d, \u201eminket\u201d, vagy \u201emink\u201d) \u00fczemeltet. Szolg\u00e1ltat\u00e1sainkhoz val\u00f3 hozz\u00e1f\u00e9r\u00e9sed annak felt\u00e9tel\u00e9hez k\u00f6t\u00f6tt, hogy minden itt tal\u00e1lhat\u00f3, valamint \u00e1ltalunk id\u0151r\u0151l id\u0151re k\u00f6zz\u00e9tett \u00f6sszes tov\u00e1bbi \u00fczemeltet\u00e9si szab\u00e1lyzatot \u00e9s felt\u00e9telt m\u00f3dos\u00edt\u00e1s n\u00e9lk\u00fcl elfogadsz. K\u00e9rj\u00fck, figyelmesen olvasd el a Meg\u00e1llapod\u00e1st,&hellip;<\/p>\n","protected":false},"author":12,"featured_media":0,"parent":0,"menu_order":0,"comment_status":"closed","ping_status":"closed","template":"","meta":{"rank_math_focus_keyword":"","rank_math_title":"","rank_math_description":"","footnotes":""},"class_list":["post-2736","page","type-page","status-publish","hentry","no-post-thumbnail"],"g_custom_schema_json":"","_links":{"self":[{"href":"https:\/\/doubletakedecor.com\/hu\/wp-json\/wp\/v2\/pages\/2736","targetHints":{"allow":["GET"]}}],"collection":[{"href":"https:\/\/doubletakedecor.com\/hu\/wp-json\/wp\/v2\/pages"}],"about":[{"href":"https:\/\/doubletakedecor.com\/hu\/wp-json\/wp\/v2\/types\/page"}],"author":[{"embeddable":true,"href":"https:\/\/doubletakedecor.com\/hu\/wp-json\/wp\/v2\/users\/12"}],"replies":[{"embeddable":true,"href":"https:\/\/doubletakedecor.com\/hu\/wp-json\/wp\/v2\/comments?post=2736"}],"version-history":[{"count":2,"href":"https:\/\/doubletakedecor.com\/hu\/wp-json\/wp\/v2\/pages\/2736\/revisions"}],"predecessor-version":[{"id":2742,"href":"https:\/\/doubletakedecor.com\/hu\/wp-json\/wp\/v2\/pages\/2736\/revisions\/2742"}],"wp:attachment":[{"href":"https:\/\/doubletakedecor.com\/hu\/wp-json\/wp\/v2\/media?parent=2736"}],"curies":[{"name":"wp","href":"https:\/\/api.w.org\/{rel}","templated":true}]}}